{"id":102,"date":"2022-03-24T16:09:27","date_gmt":"2022-03-24T16:09:27","guid":{"rendered":"http:\/\/sierrasan.es\/?page_id=102"},"modified":"2022-09-23T07:18:24","modified_gmt":"2022-09-23T07:18:24","slug":"nosotros","status":"publish","type":"page","link":"https:\/\/sierrasan.es\/en\/nosotros\/","title":{"rendered":"Nosotros"},"content":{"rendered":"<p>[et_pb_section fb_built=\u00bb1&#8243; fullwidth=\u00bbon\u00bb _builder_version=\u00bb4.14.9&#8243; _module_preset=\u00bbdefault\u00bb da_disable_devices=\u00bboff|off|off\u00bb global_colors_info=\u00bb{}\u00bb da_is_popup=\u00bboff\u00bb da_exit_intent=\u00bboff\u00bb da_has_close=\u00bbon\u00bb da_alt_close=\u00bboff\u00bb da_dark_close=\u00bboff\u00bb da_not_modal=\u00bbon\u00bb da_is_singular=\u00bboff\u00bb da_with_loader=\u00bboff\u00bb da_has_shadow=\u00bbon\u00bb][et_pb_fullwidth_image src=\u00bbhttp:\/\/sierrasan.es\/wp-content\/uploads\/2022\/09\/mobiliario-escolar.jpg\u00bb title_text=\u00bbmobiliario-escolar\u00bb _builder_version=\u00bb4.14.9&#8243; _module_preset=\u00bbdefault\u00bb hover_enabled=\u00bb0&#8243; global_colors_info=\u00bb{}\u00bb sticky_enabled=\u00bb0&#8243;][\/et_pb_fullwidth_image][\/et_pb_section][et_pb_section fb_built=\u00bb1&#8243; _builder_version=\u00bb4.14.9&#8243; _module_preset=\u00bbdefault\u00bb da_disable_devices=\u00bboff|off|off\u00bb global_colors_info=\u00bb{}\u00bb da_is_popup=\u00bboff\u00bb da_exit_intent=\u00bboff\u00bb da_has_close=\u00bbon\u00bb da_alt_close=\u00bboff\u00bb da_dark_close=\u00bboff\u00bb da_not_modal=\u00bbon\u00bb da_is_singular=\u00bboff\u00bb da_with_loader=\u00bboff\u00bb da_has_shadow=\u00bbon\u00bb][et_pb_row column_structure=\u00bb1_5,3_5,1_5&#8243; _builder_version=\u00bb4.14.9&#8243; _module_preset=\u00bbdefault\u00bb global_colors_info=\u00bb{}\u00bb][et_pb_column type=\u00bb1_5&#8243; _builder_version=\u00bb4.14.9&#8243; _module_preset=\u00bbdefault\u00bb global_colors_info=\u00bb{}\u00bb][\/et_pb_column][et_pb_column type=\u00bb3_5&#8243; _builder_version=\u00bb4.14.9&#8243; _module_preset=\u00bbdefault\u00bb global_colors_info=\u00bb{}\u00bb][et_pb_text module_id=\u00bbESPACIOSEDUCATIVOS\u00bb _builder_version=\u00bb4.14.9&#8243; _module_preset=\u00bbdefault\u00bb text_font=\u00bb||||||||\u00bb text_font_size=\u00bb17px\u00bb header_text_align=\u00bbleft\u00bb header_font_size=\u00bb40px\u00bb header_line_height=\u00bb140%\u00bb custom_margin=\u00bb||6px|||\u00bb header_font_size_tablet=\u00bb40px\u00bb header_font_size_phone=\u00bb160%\u00bb header_font_size_last_edited=\u00bbon|phone\u00bb locked=\u00bboff\u00bb global_colors_info=\u00bb{}\u00bb]<\/p>\n<h1>Espacios educativos adaptados a las nuevas necesidades educativas<\/h1>\n<p>&nbsp;<\/p>\n<p>[\/et_pb_text][et_pb_text content_tablet=\u00bb<\/p>\n<p>Dedicamos todos nuestro esfuerzo a mejorar los<br \/>espacios en los centros educativos. Realizando<br \/>auditorias escolares, ofrecemos material did\u00e1ctico,<br \/>mobiliario escolar y dotaciones para ciclos<br \/>formativos.<\/p>\n<p>Espacios \u00fanicos para las diferentes necesidades de cada<br \/>centro y sus alumnos, consiguiendo que los equipos<br \/>logren maximizar el aprendizaje del alumno y su<br \/>excelencia en la formaci\u00f3n. Contamos con un amplio<br \/>cat\u00e1logo de material educativo ofreciendo las \u00faltimas<br \/>tendencias del sector.<\/p>\n<p>\u00bb content_phone=\u00bb<\/p>\n<p style=\"%22text-align:\" justify;%22>Dedicamos todos nuestro esfuerzo a mejorar los espacios en los centros educativos. Realizando auditorias escolares, ofrecemos material did\u00e1ctico, mobiliario escolar y dotaciones para ciclos formativos.<\/p>\n<p style=\"%22text-align:\" justify;%22>Espacios \u00fanicos para las diferentes necesidades de cada centro y sus alumnos, consiguiendo que los equipos logren maximizar el aprendizaje del alumno y su excelencia en la formaci\u00f3n. Contamos con un amplio cat\u00e1logo de material educativo ofreciendo las \u00faltimas tendencias del sector.<\/p>\n<p>\u00bb content_last_edited=\u00bbon|phone\u00bb module_id=\u00bbESPACIOSEDUCATIVOS\u00bb _builder_version=\u00bb4.14.9&#8243; _module_preset=\u00bbdefault\u00bb text_font=\u00bb||||||||\u00bb text_font_size=\u00bb17px\u00bb text_line_height=\u00bb200%\u00bb header_text_align=\u00bbleft\u00bb header_font_size=\u00bb40px\u00bb custom_margin=\u00bb||6px|||\u00bb text_line_height_tablet=\u00bb200%\u00bb text_line_height_phone=\u00bb170%\u00bb text_line_height_last_edited=\u00bbon|phone\u00bb locked=\u00bboff\u00bb global_colors_info=\u00bb{}\u00bb]<\/p>\n<p>Dedicamos todos nuestro esfuerzo a mejorar los<br \/>espacios en los centros educativos. Realizando<br \/>auditorias escolares, ofrecemos material did\u00e1ctico,<br \/>mobiliario escolar y dotaciones para ciclos<br \/>formativos.<\/p>\n<p>Espacios \u00fanicos para las diferentes necesidades de cada<br \/>centro y sus alumnos, consiguiendo que los equipos<br \/>logren maximizar el aprendizaje del alumno y su<br \/>excelencia en la formaci\u00f3n. Contamos con un amplio<br \/>cat\u00e1logo de material educativo ofreciendo las \u00faltimas<br \/>tendencias del sector.<\/p>\n<p>[\/et_pb_text][\/et_pb_column][et_pb_column type=\u00bb1_5&#8243; _builder_version=\u00bb4.14.9&#8243; _module_preset=\u00bbdefault\u00bb global_colors_info=\u00bb{}\u00bb][\/et_pb_column][\/et_pb_row][\/et_pb_section][et_pb_section fb_built=\u00bb1&#8243; disabled_on=\u00bboff|off|off\u00bb _builder_version=\u00bb4.14.9&#8243; _module_preset=\u00bbdefault\u00bb custom_margin=\u00bb40px||40px||true|false\u00bb custom_padding=\u00bb0px||0px||false|false\u00bb top_divider_height=\u00bb1px\u00bb top_divider_arrangement=\u00bbabove_content\u00bb da_disable_devices=\u00bboff|off|off\u00bb global_module=\u00bb52&#8243; saved_tabs=\u00bball\u00bb global_colors_info=\u00bb{}\u00bb da_is_popup=\u00bboff\u00bb da_exit_intent=\u00bboff\u00bb da_has_close=\u00bbon\u00bb da_alt_close=\u00bboff\u00bb da_dark_close=\u00bboff\u00bb da_not_modal=\u00bbon\u00bb da_is_singular=\u00bboff\u00bb da_with_loader=\u00bboff\u00bb da_has_shadow=\u00bbon\u00bb][et_pb_row _builder_version=\u00bb4.14.9&#8243; _module_preset=\u00bbdefault\u00bb global_colors_info=\u00bb{}\u00bb][et_pb_column type=\u00bb4_4&#8243; _builder_version=\u00bb4.14.9&#8243; _module_preset=\u00bbdefault\u00bb global_colors_info=\u00bb{}\u00bb][et_pb_divider _builder_version=\u00bb4.14.9&#8243; _module_preset=\u00bbdefault\u00bb global_colors_info=\u00bb{}\u00bb][\/et_pb_divider][\/et_pb_column][\/et_pb_row][et_pb_row column_structure=\u00bb1_2,1_2&#8243; _builder_version=\u00bb4.14.9&#8243; _module_preset=\u00bbdefault\u00bb global_colors_info=\u00bb{}\u00bb][et_pb_column type=\u00bb1_2&#8243; _builder_version=\u00bb4.14.9&#8243; _module_preset=\u00bbdefault\u00bb custom_padding=\u00bb||43px|140px|false|false\u00bb custom_padding_tablet=\u00bb\u00bb custom_padding_phone=\u00bb||43px|0px|false|false\u00bb custom_padding_last_edited=\u00bbon|phone\u00bb global_colors_info=\u00bb{}\u00bb][et_pb_blurb title=\u00bbTelf. 674 070 393&#8243; content_tablet=\u00bb<\/p>\n<h1>Sierrasan<\/h1>\n<p>Calle Aleixandre, 4<\/p>\n<p>28033 &#8211; Madrid<\/p>\n<p><span style=\"%22color:\" #686868;%22><a href=\"\/en\/\"mailto:comercial@sierrasan.es\"\/\" style=\"%22color:\" #686868;%22>comercial@sierrasan.es<\/a><\/span><\/p>\n<\/p>\n<p>\u00bb content_phone=\u00bb<\/p>\n<h1 style=\"%22text-align:\" center;%22>Sierrasan<\/h1>\n<p style=\"%22text-align:\" center;%22>Calle Aleixandre, 4<\/p>\n<p style=\"%22text-align:\" center;%22>28033 &#8211; Madrid<\/p>\n<p style=\"%22text-align:\" center;%22><span style=\"%22color:\" #686868;%22><a href=\"\/en\/\"mailto:comercial@sierrasan.es\"\/\" style=\"%22color:\" #686868;%22>comercial@sierrasan.es<\/a><\/span><\/p>\n<p>\u00bb content_last_edited=\u00bbon|tablet\u00bb content_max_width_tablet=\u00bb\u00bb content_max_width_phone=\u00bb215px\u00bb content_max_width_last_edited=\u00bbon|phone\u00bb _builder_version=\u00bb4.14.9&#8243; _module_preset=\u00bbdefault\u00bb header_font=\u00bb|700|||||||\u00bb header_text_align=\u00bbleft\u00bb header_text_color=\u00bb#dd1f25&#8243; header_font_size=\u00bb23px\u00bb body_text_align=\u00bbleft\u00bb body_text_color=\u00bb#747370&#8243; body_font_size=\u00bb15px\u00bb body_line_height=\u00bb0.3em\u00bb width_tablet=\u00bb\u00bb width_phone=\u00bb\u00bb width_last_edited=\u00bbon|phone\u00bb header_text_align_tablet=\u00bb\u00bb header_text_align_phone=\u00bbcenter\u00bb header_text_align_last_edited=\u00bbon|phone\u00bb body_text_align_tablet=\u00bb\u00bb body_text_align_phone=\u00bbcenter\u00bb body_text_align_last_edited=\u00bbon|phone\u00bb text_orientation_tablet=\u00bbcenter\u00bb text_orientation_phone=\u00bbcenter\u00bb text_orientation_last_edited=\u00bbon|tablet\u00bb module_alignment_tablet=\u00bb\u00bb module_alignment_phone=\u00bbleft\u00bb module_alignment_last_edited=\u00bbon|phone\u00bb global_colors_info=\u00bb{}\u00bb]<\/p>\n<h1 style=\"text-align: left;\">Sierrasan<\/h1>\n<p style=\"text-align: left;\">Calle Aleixandre, 4<\/p>\n<p style=\"text-align: left;\">28033 &#8211; Madrid<\/p>\n<p style=\"text-align: left;\"><span style=\"color: #686868;\"><a href=\"mailto:comercial@sierrasan.es\" style=\"color: #686868;\">comercial@sierrasan.es<\/a><\/span><\/p>\n<p>&nbsp;<\/p>\n<p>&nbsp;<\/p>\n<p>[\/et_pb_blurb][et_pb_text _builder_version=\u00bb4.14.9&#8243; _module_preset=\u00bbdefault\u00bb text_text_color=\u00bb#747370&#8243; text_font_size=\u00bb16px\u00bb text_orientation_tablet=\u00bb\u00bb text_orientation_phone=\u00bbcenter\u00bb text_orientation_last_edited=\u00bbon|phone\u00bb global_colors_info=\u00bb{}\u00bb]<\/p>\n<p><span style=\"color: #747370;\"><a href=\"https:\/\/goo.gl\/maps\/5hxBrNbfPtinVYcS7\" target=\"_blank\" rel=\"noopener noreferrer\" style=\"color: #747370;\"><strong>GOOGLE MAPS<\/strong><\/a><\/span><\/p>\n<p>[\/et_pb_text][\/et_pb_column][et_pb_column type=\u00bb1_2&#8243; _builder_version=\u00bb4.14.9&#8243; _module_preset=\u00bbdefault\u00bb global_colors_info=\u00bb{}\u00bb][et_pb_text _builder_version=\u00bb4.14.9&#8243; _module_preset=\u00bbdefault\u00bb text_text_color=\u00bb#E02B20&#8243; text_line_height=\u00bb0.5em\u00bb text_orientation=\u00bbcenter\u00bb custom_margin=\u00bb||||false|false\u00bb global_colors_info=\u00bb{}\u00bb custom_margin__hover_enabled=\u00bboff|desktop\u00bb]<\/p>\n<p>&nbsp;<\/p>\n<p>&nbsp;<\/p>\n<p><span style=\"color: #e02b20;\"><a href=\"https:\/\/sierrasan.es\/en\/politica-de-privacidad\/\" style=\"color: #e02b20;\">Pol\u00edtica de Privacidad<\/a><\/span><\/p>\n<p><span style=\"color: #e02b20;\"><a href=\"https:\/\/sierrasan.es\/en\/aviso-legal\/\" style=\"color: #e02b20;\">Aviso Legal<\/a><\/span><\/p>\n<p>[\/et_pb_text][\/et_pb_column][\/et_pb_row][\/et_pb_section]<\/p>","protected":false},"excerpt":{"rendered":"<p>Espacios educativos adaptados a las nuevas necesidades educativas &nbsp;Dedicamos todos nuestro esfuerzo a mejorar losespacios en los centros educativos. Realizandoauditorias escolares, ofrecemos material did\u00e1ctico,mobiliario escolar y dotaciones para ciclosformativos. Espacios \u00fanicos para las diferentes necesidades de cadacentro y sus alumnos, consiguiendo que los equiposlogren maximizar el aprendizaje del alumno y suexcelencia en la formaci\u00f3n. Contamos [&hellip;]<\/p>","protected":false},"author":1,"featured_media":0,"parent":0,"menu_order":0,"comment_status":"closed","ping_status":"closed","template":"","meta":{"_et_pb_use_builder":"on","_et_pb_old_content":"","_et_gb_content_width":"","footnotes":""},"_links":{"self":[{"href":"https:\/\/sierrasan.es\/en\/wp-json\/wp\/v2\/pages\/102"}],"collection":[{"href":"https:\/\/sierrasan.es\/en\/wp-json\/wp\/v2\/pages"}],"about":[{"href":"https:\/\/sierrasan.es\/en\/wp-json\/wp\/v2\/types\/page"}],"author":[{"embeddable":true,"href":"https:\/\/sierrasan.es\/en\/wp-json\/wp\/v2\/users\/1"}],"replies":[{"embeddable":true,"href":"https:\/\/sierrasan.es\/en\/wp-json\/wp\/v2\/comments?post=102"}],"version-history":[{"count":9,"href":"https:\/\/sierrasan.es\/en\/wp-json\/wp\/v2\/pages\/102\/revisions"}],"predecessor-version":[{"id":794,"href":"https:\/\/sierrasan.es\/en\/wp-json\/wp\/v2\/pages\/102\/revisions\/794"}],"wp:attachment":[{"href":"https:\/\/sierrasan.es\/en\/wp-json\/wp\/v2\/media?parent=102"}],"curies":[{"name":"wp","href":"https:\/\/api.w.org\/{rel}","templated":true}]}}